{"id":894,"date":"2021-04-28T11:40:01","date_gmt":"2021-04-28T09:40:01","guid":{"rendered":"https:\/\/lungenchirurgie.at\/oa-pd-dr-klikovits-phd\/"},"modified":"2025-05-22T12:07:56","modified_gmt":"2025-05-22T10:07:56","slug":"klikovits","status":"publish","type":"page","link":"https:\/\/lungenchirurgie.at\/sk\/klikovits\/","title":{"rendered":"OA PD Dr. Klikovits, PhD"},"content":{"rendered":"<\/p>\n\n<style type=\"text\/css\" data-created_by=\"avia_inline_auto\" id=\"style-css-av-6y6cu-31cf0ddf407e5fd95c4493d3847ceda2\">\n.avia-section.av-6y6cu-31cf0ddf407e5fd95c4493d3847ceda2{\nbackground-color:#cdeafa;\nbackground-image:unset;\nmargin-top:0px;\nmargin-bottom:0px;\n}\n<\/style>\n<div id='av_section_1'  class='avia-section av-6y6cu-31cf0ddf407e5fd95c4493d3847ceda2 main_color avia-section-large avia-no-border-styling  avia-builder-el-0  el_before_av_section  avia-builder-el-first  av-desktop-hide avia-bg-style-fixed container_wrap fullsize'  ><div class='container av-section-cont-open' ><main  role=\"main\" itemprop=\"mainContentOfPage\"  class='template-page content  av-content-full alpha units'><div class='post-entry post-entry-type-page post-entry-894'><div class='entry-content-wrapper clearfix'>\n\n<style type=\"text\/css\" data-created_by=\"avia_inline_auto\" id=\"style-css-av-ko2zy67y-92def78d9e319a264f5e37dbc232131b\">\n.flex_column.av-ko2zy67y-92def78d9e319a264f5e37dbc232131b{\nborder-radius:0px 0px 0px 0px;\npadding:40px 20px 40px 20px;\nbackground-color:#ffffff;\n}\n<\/style>\n<div  class='flex_column av-ko2zy67y-92def78d9e319a264f5e37dbc232131b av_one_full  avia-builder-el-1  el_before_av_one_full  avia-builder-el-first  first av-break-at-tablet flex_column_div  '     ><p>\n<style type=\"text\/css\" data-created_by=\"avia_inline_auto\" id=\"style-css-av-ko30oz18-d755dd957d1a41feedea3abb7a060e72\">\n.avia-image-container.av-ko30oz18-d755dd957d1a41feedea3abb7a060e72 img.avia_image{\nbox-shadow:none;\n}\n.avia-image-container.av-ko30oz18-d755dd957d1a41feedea3abb7a060e72 .av-image-caption-overlay-center{\ncolor:#ffffff;\n}\n<\/style>\n<div  class='avia-image-container av-ko30oz18-d755dd957d1a41feedea3abb7a060e72 av-styling- avia-align-center  avia-builder-el-2  el_before_av_textblock  avia-builder-el-first '   itemprop=\"image\" itemscope=\"itemscope\" itemtype=\"https:\/\/schema.org\/ImageObject\" ><div class=\"avia-image-container-inner\"><div class=\"avia-image-overlay-wrap\"><img decoding=\"async\" fetchpriority=\"high\" class='wp-image-788 avia-img-lazy-loading-not-788 avia_image ' src=\"https:\/\/lungenchirurgie.at\/wp-content\/uploads\/sites\/18\/2021\/04\/werdegang_mobile.jpg\" alt='' title='Dr. Thomas Klikovits'  height=\"800\" width=\"1000\"  itemprop=\"thumbnailUrl\" srcset=\"https:\/\/lungenchirurgie.at\/wp-content\/uploads\/sites\/18\/2021\/04\/werdegang_mobile.jpg 1000w, https:\/\/lungenchirurgie.at\/wp-content\/uploads\/sites\/18\/2021\/04\/werdegang_mobile-300x240.jpg 300w, https:\/\/lungenchirurgie.at\/wp-content\/uploads\/sites\/18\/2021\/04\/werdegang_mobile-768x614.jpg 768w, https:\/\/lungenchirurgie.at\/wp-content\/uploads\/sites\/18\/2021\/04\/werdegang_mobile-705x564.jpg 705w\" sizes=\"(max-width: 1000px) 100vw, 1000px\" \/><\/div><\/div><\/div><br \/>\n<section  class='av_textblock_section av-egpjy-4c6ba30658c1a05b837a88f92c8a4c2c '   itemscope=\"itemscope\" itemtype=\"https:\/\/schema.org\/CreativeWork\" ><div class='avia_textblock'  itemprop=\"text\" ><p><strong>\u017dIVOTOPIS<\/strong><\/p>\n<\/div><\/section><br \/>\n\n<style type=\"text\/css\" data-created_by=\"avia_inline_auto\" id=\"style-css-av-ag4b2-c1afb3ab7312f93407e19db6ebb1cd41\">\n#top .av-special-heading.av-ag4b2-c1afb3ab7312f93407e19db6ebb1cd41{\nmargin:15px 0 0 0;\npadding-bottom:25px;\n}\nbody .av-special-heading.av-ag4b2-c1afb3ab7312f93407e19db6ebb1cd41 .av-special-heading-tag .heading-char{\nfont-size:25px;\n}\n.av-special-heading.av-ag4b2-c1afb3ab7312f93407e19db6ebb1cd41 .av-subheading{\nfont-size:15px;\n}\n<\/style>\n<div  class='av-special-heading av-ag4b2-c1afb3ab7312f93407e19db6ebb1cd41 av-special-heading-h1 blockquote modern-quote  avia-builder-el-4  el_after_av_textblock  el_before_av_textblock '><h1 class='av-special-heading-tag '  itemprop=\"headline\"  >OA PD Dr. Thomas Klikovits, PhD<\/h1><div class=\"special-heading-border\"><div class=\"special-heading-inner-border\"><\/div><\/div><\/div><br \/>\n<section  class='av_textblock_section av-kohnpwkn-89e210b6379af2e5e0dc69b14d4ee91d '   itemscope=\"itemscope\" itemtype=\"https:\/\/schema.org\/CreativeWork\" ><div class='avia_textblock'  itemprop=\"text\" ><ul>\n<li>Autor a spoluautor viac ako 50 publik\u00e1ci\u00ed a vedeck\u00fdch pr\u00e1c v medzin\u00e1rodn\u00fdch \u010dasopisoch so zameran\u00edm na bronchi\u00e1lny karcin\u00f3m (rakovina p\u013e\u00fac) a pleur\u00e1lny mezoteli\u00f3m (rakovina pleury)<\/li>\n<li>Po\u010detn\u00e9 predn\u00e1\u0161ky na n\u00e1rodn\u00fdch a medzin\u00e1rodn\u00fdch odborn\u00fdch kongresoch<\/li>\n<li>\u010clen viacer\u00fdch n\u00e1rodn\u00fdch a medzin\u00e1rodn\u00fdch odborn\u00fdch spolo\u010dnost\u00ed<\/li>\n<li>\u017denat\u00fd, otec dvoch dc\u00e9r<\/li>\n<\/ul>\n<\/div><\/section><br \/>\n<div  id=\"avia-timeline-1\"  class='avia-timeline-container av-19gkum-f846f1df3ee33739b2728743d46c5860 av-slideshow-ui  avia-builder-el-6  el_after_av_textblock  avia-builder-el-last ' ><ul class='avia-timeline avia-timeline-vertical av-milestone-placement-left avia-timeline- avia_animate_when_almost_visible'>\n<li  class='av-milestone av-12bed2-91d45432d6e574b29dcaf976bab718eb av-animated-generic fade-in av-milestone-valign-middle av-milestone-odd'><h2 class='av-milestone-date ' id='milestone-2021' ><strong>2021<span class='av-milestone-indicator'><\/span><\/strong><\/h2><div class=\"av-milestone-icon-wrap\"><span class='av-milestone-icon milestone_icon avia-font-entypo-fontello'><span class='av-milestone-icon-inner milestone_inner'><i class='milestone-char avia-iconfont avia-font-entypo-fontello' data-av_icon='\ue812' data-av_iconfont='entypo-fontello' ><\/i><\/span><\/span><\/div><article class='av-milestone-content-wrap'><div class='av-milestone-contentbox'><header class=\"entry-content-header\" aria-label=\"Milestone: Klinika Floridsdorf Viede\u0148, Hrudn\u00e9 centrum\"><h4 class='av-milestone-title '>Klinika Floridsdorf Viede\u0148, Hrudn\u00e9 centrum<\/h4><\/header><div class='av-milestone-content'><p><strong>\u0160pecialista v odbore hrudnej chirurgie<\/strong><br \/>\n\u0160pecializ\u00e1cia na torak\u00e1lnu onkol\u00f3giu<br \/>\n\u010clen interdisciplin\u00e1rneho tumorov\u00e9ho boardu<\/p>\n<\/div><\/div><footer class='av-milestone-article-footer entry-footer'><\/footer><\/article><\/li>\n<li  class='av-milestone av-wr8ce-75e38cb7d256fced59cf7894ea70b9b8 av-animated-generic fade-in av-milestone-valign-middle av-milestone-even'><h2 class='av-milestone-date ' id='milestone-2020' ><strong>2020<span class='av-milestone-indicator'><\/span><\/strong><\/h2><div class=\"av-milestone-icon-wrap\"><span class='av-milestone-icon milestone_icon avia-font-entypo-fontello'><span class='av-milestone-icon-inner milestone_inner'><i class='milestone-char avia-iconfont avia-font-entypo-fontello' data-av_icon='\ue812' data-av_iconfont='entypo-fontello' ><\/i><\/span><\/span><\/div><article class='av-milestone-content-wrap'><div class='av-milestone-contentbox'><header class=\"entry-content-header\" aria-label=\"Milestone: Habilit\u00e1cia v hrudnej chirurgii\"><h4 class='av-milestone-title '>Habilit\u00e1cia v hrudnej chirurgii<\/h4><\/header><div class='av-milestone-content'><p>Univerzitn\u00e1 pedagogick\u00e1 kvalifik\u00e1cia v odbore hrudn\u00e1 chirurgia<br \/>\nUdelen\u00e9 Lek\u00e1rskou univerzitou vo Viedni<\/p>\n<\/div><\/div><footer class='av-milestone-article-footer entry-footer'><\/footer><\/article><\/li>\n<li  class='av-milestone av-2n292-40203e92c93e2d08bf346ff282f8bcf5 av-animated-generic fade-in av-milestone-valign-middle av-milestone-odd'><h2 class='av-milestone-date ' id='milestone-2020-2012' ><strong>2020 - 2012<span class='av-milestone-indicator'><\/span><\/strong><\/h2><div class=\"av-milestone-icon-wrap\"><span class='av-milestone-icon milestone_icon avia-font-entypo-fontello'><span class='av-milestone-icon-inner milestone_inner'><i class='milestone-char avia-iconfont avia-font-entypo-fontello' data-av_icon='\ue812' data-av_iconfont='entypo-fontello' ><\/i><\/span><\/span><\/div><article class='av-milestone-content-wrap'><div class='av-milestone-contentbox'><header class=\"entry-content-header\" aria-label=\"Milestone: AKH Wien \/ Lek\u00e1rska univerzita Viede\u0148\"><h4 class='av-milestone-title '>AKH Wien \/ Lek\u00e1rska univerzita Viede\u0148<\/h4><\/header><div class='av-milestone-content'><p>\u0160pecializa\u010dn\u00e9 vzdel\u00e1vanie so zameran\u00edm na hrudn\u00fa onkol\u00f3giu na Klinickom oddelen\u00ed hrudnej chirurgie (ved\u00faci: univ. prof. Dr. Walter Klepetko)<\/p>\n<p>Mana\u017e\u00e9r onkologickej komory CCC pre onkologick\u00e9 ochorenia \u201eHrudn\u00e9 zhubn\u00e9 n\u00e1dory&#8220;<\/p>\n<p>Klinick\u00e9 a vedeck\u00e9 zameranie:<br \/>\nBronchi\u00e1lny karcin\u00f3m (rakovina p\u013e\u00fac), pleur\u00e1lny mezoteli\u00f3m (rakovina pleury)<\/p>\n<p>Koordin\u00e1tor transplant\u00e1ci\u00ed<\/p>\n<\/div><\/div><footer class='av-milestone-article-footer entry-footer'><\/footer><\/article><\/li>\n<li  class='av-milestone av-mjflq-37d2d0560dc881765beda8023e6b63ce av-animated-generic fade-in av-milestone-valign-middle av-milestone-even'><h2 class='av-milestone-date ' id='milestone-2018' ><strong>2018<span class='av-milestone-indicator'><\/span><\/strong><\/h2><div class=\"av-milestone-icon-wrap\"><span class='av-milestone-icon milestone_icon avia-font-entypo-fontello'><span class='av-milestone-icon-inner milestone_inner'><i class='milestone-char avia-iconfont avia-font-entypo-fontello' data-av_icon='\ue812' data-av_iconfont='entypo-fontello' ><\/i><\/span><\/span><\/div><article class='av-milestone-content-wrap'><div class='av-milestone-contentbox'><header class=\"entry-content-header\" aria-label=\"Milestone: Titul PhD v medic\u00ednskych ved\u00e1ch\"><h4 class='av-milestone-title '>Titul PhD v medic\u00ednskych ved\u00e1ch<\/h4><\/header><div class='av-milestone-content'><p>Doktor\u00e1t z lek\u00e1rskych vied (PhD)<br \/>\nZameranie a dizerta\u010dn\u00e1 pr\u00e1ca: Transla\u010dn\u00e1 hrudn\u00e1 onkol\u00f3gia<\/p>\n<\/div><\/div><footer class='av-milestone-article-footer entry-footer'><\/footer><\/article><\/li>\n<li  class='av-milestone av-g61vy-78951ae46f40e3a00c2437ff3d3baf81 av-animated-generic fade-in av-milestone-valign-middle av-milestone-odd'><h2 class='av-milestone-date ' id='milestone-2012' ><strong>2012<span class='av-milestone-indicator'><\/span><\/strong><\/h2><div class=\"av-milestone-icon-wrap\"><span class='av-milestone-icon milestone_icon avia-font-entypo-fontello'><span class='av-milestone-icon-inner milestone_inner'><i class='milestone-char avia-iconfont avia-font-entypo-fontello' data-av_icon='\ue812' data-av_iconfont='entypo-fontello' ><\/i><\/span><\/span><\/div><article class='av-milestone-content-wrap'><div class='av-milestone-contentbox'><header class=\"entry-content-header\" aria-label=\"Milestone: Ukon\u010denie \u0161t\u00fadia medic\u00edny\"><h4 class='av-milestone-title '>Ukon\u010denie \u0161t\u00fadia medic\u00edny<\/h4><\/header><div class='av-milestone-content'><p>Doktor\u00e1t z medic\u00edny (Dr.med. univ.) na Lek\u00e1rskej univerzite vo Viedni<\/p>\n<\/div><\/div><footer class='av-milestone-article-footer entry-footer'><\/footer><\/article><\/li>\n<li  class='av-milestone av-8svla-de1729b316ffeb3a0f646ca01204f533 av-animated-generic fade-in av-milestone-valign-middle av-milestone-even'><h2 class='av-milestone-date ' id='milestone-' aria-hidden='true' tabindex='-1'><strong><span class='av-milestone-indicator'><\/span><\/strong><\/h2><div class=\"av-milestone-icon-wrap\"><span class='av-milestone-icon milestone_icon avia-font-entypo-fontello'><span class='av-milestone-icon-inner milestone_inner'><i class='milestone-char avia-iconfont avia-font-entypo-fontello' data-av_icon='\ue812' data-av_iconfont='entypo-fontello' ><\/i><\/span><\/span><\/div><article class='av-milestone-content-wrap'><div class='av-milestone-contentbox'><header class=\"entry-content-header\" aria-label=\"Milestone: Gymn\u00e1zium\"><h4 class='av-milestone-title '>Gymn\u00e1zium<\/h4><\/header><div class='av-milestone-content'><p>V Neusiedl am See<\/p>\n<\/div><\/div><footer class='av-milestone-article-footer entry-footer'><\/footer><\/article><\/li>\n<\/ul><\/div><\/p><\/div>\n<style type=\"text\/css\" data-created_by=\"avia_inline_auto\" id=\"style-css-av-ecg06-ef05d798c4c253276a2a5aedb3b3914f\">\n#top .flex_column.av-ecg06-ef05d798c4c253276a2a5aedb3b3914f{\nmargin-top:40px;\nmargin-bottom:40px;\n}\n.flex_column.av-ecg06-ef05d798c4c253276a2a5aedb3b3914f{\nborder-radius:0px 0px 0px 0px;\npadding:40px 40px 40px 40px;\nbackground-color:#ffffff;\n}\n.responsive #top #wrap_all .flex_column.av-ecg06-ef05d798c4c253276a2a5aedb3b3914f{\nmargin-top:40px;\nmargin-bottom:40px;\n}\n<\/style>\n<div  class='flex_column av-ecg06-ef05d798c4c253276a2a5aedb3b3914f av_one_full  avia-builder-el-7  el_after_av_one_full  avia-builder-el-last  first flex_column_div  column-top-margin'     ><p>\n<style type=\"text\/css\" data-created_by=\"avia_inline_auto\" id=\"style-css-av-8154u-6d5c1572ba31091c08698ecff556e8f2\">\n#top .av-special-heading.av-8154u-6d5c1572ba31091c08698ecff556e8f2{\npadding-bottom:10px;\n}\nbody .av-special-heading.av-8154u-6d5c1572ba31091c08698ecff556e8f2 .av-special-heading-tag .heading-char{\nfont-size:25px;\n}\n.av-special-heading.av-8154u-6d5c1572ba31091c08698ecff556e8f2 .av-subheading{\nfont-size:15px;\n}\n<\/style>\n<div  class='av-special-heading av-8154u-6d5c1572ba31091c08698ecff556e8f2 av-special-heading-h1 blockquote modern-quote  avia-builder-el-8  el_before_av_textblock  avia-builder-el-first '><h1 class='av-special-heading-tag '  itemprop=\"headline\"  >Najd\u00f4le\u017eitej\u0161ie publik\u00e1cie z posledn\u00fdch rokov:<\/h1><div class=\"special-heading-border\"><div class=\"special-heading-inner-border\"><\/div><\/div><\/div><br \/>\n<section  class='av_textblock_section av-koioce28-f4f993f2d480a62d18060af68576d274 '   itemscope=\"itemscope\" itemtype=\"https:\/\/schema.org\/CreativeWork\" ><div class='avia_textblock'  itemprop=\"text\" ><p>Lung Cancer in Austria<br \/>\n<a href=\"https:\/\/www.jto.org\/article\/S1556-0864(20)31049-2\/fulltext\" target=\"_blank\" rel=\"noopener\">Journal of Thoracic Oncology 2021,16:725-733. doi: 10.1016\/j.jtho.2020.10.158. <\/a><\/p>\n<p>Prognostic impact of PD-1 and PD-L1 expression in malignant pleural mesothelioma: an international multicenter study<br \/>\n<a href=\"https:\/\/tlcr.amegroups.com\/article\/view\/50434\/html\" target=\"_blank\" rel=\"noopener\">Translational Lung Cancer Research 2021, 10:1594-1607. doi:10.21037\/tlcr-20-1114 <\/a><\/p>\n<p>Lung transplantation for COVID-19-associated acute respiratory distress syndrome in a PCR-positive patient<br \/>\n<a href=\"https:\/\/www.thelancet.com\/journals\/lanres\/article\/PIIS2213-2600(20)30361-1\/fulltext\" target=\"_blank\" rel=\"noopener\">Lancet Respiratory Medicine 2020, 8:1057-1060. doi:10.1016\/S2213-2600(20)30361-1 <\/a><\/p>\n<p>Controversies in oncology: surgery for small cell lung cancer? It\u2019s time to rethink the case<br \/>\n<a href=\"https:\/\/www.esmoopen.com\/article\/S2059-7029(20)32331-0\/fulltext\" target=\"_blank\" rel=\"noopener\">ESMO Open 2018, 27:3:e000366. doi:10.1136\/esmoopen-2018-000366 <\/a><\/p>\n<p><a href=\"https:\/\/pubmed.ncbi.nlm.nih.gov\/?term=klikovits+t&#038;sort=date\" target=\"_blank\" rel=\"noopener\">K zoznamu publik\u00e1ci\u00ed na PubMed<\/a><\/p>\n<\/div><\/section><\/p><\/div><\/div><\/div><\/main><!-- close content main element --><\/div><\/div>\n<style type=\"text\/css\" data-created_by=\"avia_inline_auto\" id=\"style-css-av-ko30d0j0-a319b48c405916a421e03779ddf82ce2\">\n.avia-section.av-ko30d0j0-a319b48c405916a421e03779ddf82ce2{\nbackground-repeat:no-repeat;\nbackground-image:url(https:\/\/lungenchirurgie.at\/wp-content\/uploads\/sites\/18\/2021\/04\/2016-10-06-oegp-kongress.jpg);\nbackground-position:50% 50%;\nbackground-attachment:fixed;\nmargin-top:0px;\nmargin-bottom:0px;\n}\n<\/style>\n<div id='av_section_2'  class='avia-section av-ko30d0j0-a319b48c405916a421e03779ddf82ce2 main_color avia-section-large avia-no-border-styling  avia-builder-el-10  el_after_av_section  avia-builder-el-last  av-medium-hide av-small-hide av-mini-hide avia-bg-style-fixed container_wrap fullsize'  data-section-bg-repeat='no-repeat'><div class='container av-section-cont-open' ><div class='template-page content  av-content-full alpha units'><div class='post-entry post-entry-type-page post-entry-894'><div class='entry-content-wrapper clearfix'>\n\n<style type=\"text\/css\" data-created_by=\"avia_inline_auto\" id=\"style-css-av-26v8di-ade47215b556d049399a0419e6696f23\">\n.flex_column.av-26v8di-ade47215b556d049399a0419e6696f23{\nborder-radius:0px 0px 0px 0px;\npadding:40px 20px 40px 20px;\nbackground-color:#ffffff;\n}\n<\/style>\n<div  class='flex_column av-26v8di-ade47215b556d049399a0419e6696f23 av_three_fifth  avia-builder-el-11  el_before_av_three_fifth  avia-builder-el-first  first av-break-at-tablet flex_column_div  '     ><p><section  class='av_textblock_section av-m9clqz8j-f75ac33141cc6d7c3861f060263e6fdf '   itemscope=\"itemscope\" itemtype=\"https:\/\/schema.org\/CreativeWork\" ><div class='avia_textblock'  itemprop=\"text\" ><p><strong>\u017dIVOTOPIS<\/strong><\/p>\n<\/div><\/section><br \/>\n\n<style type=\"text\/css\" data-created_by=\"avia_inline_auto\" id=\"style-css-av-257spq-1d5473a01910badeacfc92aeb5652435\">\n#top .av-special-heading.av-257spq-1d5473a01910badeacfc92aeb5652435{\nmargin:15px 0 0 0;\npadding-bottom:25px;\n}\nbody .av-special-heading.av-257spq-1d5473a01910badeacfc92aeb5652435 .av-special-heading-tag .heading-char{\nfont-size:25px;\n}\n.av-special-heading.av-257spq-1d5473a01910badeacfc92aeb5652435 .av-subheading{\nfont-size:15px;\n}\n<\/style>\n<div  class='av-special-heading av-257spq-1d5473a01910badeacfc92aeb5652435 av-special-heading-h1 blockquote modern-quote  avia-builder-el-13  el_after_av_textblock  el_before_av_textblock '><h1 class='av-special-heading-tag '  itemprop=\"headline\"  >OA PD Dr. Thomas Klikovits, PhD<\/h1><div class=\"special-heading-border\"><div class=\"special-heading-inner-border\"><\/div><\/div><\/div><br \/>\n<section  class='av_textblock_section av-kohbl1d8-2482742d0168a9d1e6ea46c3b5037e98 '   itemscope=\"itemscope\" itemtype=\"https:\/\/schema.org\/CreativeWork\" ><div class='avia_textblock'  itemprop=\"text\" ><ul>\n<li>Autor a spoluautor viac ako 50 publik\u00e1ci\u00ed a vedeck\u00fdch pr\u00e1c v medzin\u00e1rodn\u00fdch \u010dasopisoch so zameran\u00edm na bronchi\u00e1lny karcin\u00f3m (rakovina p\u013e\u00fac) a pleur\u00e1lny mezoteli\u00f3m (rakovina pleury)<\/li>\n<li>Po\u010detn\u00e9 predn\u00e1\u0161ky na n\u00e1rodn\u00fdch a medzin\u00e1rodn\u00fdch odborn\u00fdch kongresoch<\/li>\n<li>\u010clen viacer\u00fdch n\u00e1rodn\u00fdch a medzin\u00e1rodn\u00fdch odborn\u00fdch spolo\u010dnost\u00ed<\/li>\n<li>\u017denat\u00fd, otec dvoch dc\u00e9r<\/li>\n<\/ul>\n<\/div><\/section><br \/>\n<div  id=\"avia-timeline-2\"  class='avia-timeline-container av-1uxu1i-5ea601cf7e801d1b8f8b208b841b553c av-slideshow-ui  avia-builder-el-15  el_after_av_textblock  avia-builder-el-last ' ><ul class='avia-timeline avia-timeline-vertical av-milestone-placement-left avia-timeline- avia_animate_when_almost_visible'>\n<li  class='av-milestone av-1phcqm-e91201532787c027630caa1e5abb5596 av-animated-generic fade-in av-milestone-valign-middle av-milestone-odd'><h2 class='av-milestone-date ' id='milestone-2021' ><strong>2021<span class='av-milestone-indicator'><\/span><\/strong><\/h2><div class=\"av-milestone-icon-wrap\"><span class='av-milestone-icon milestone_icon avia-font-entypo-fontello'><span class='av-milestone-icon-inner milestone_inner'><i class='milestone-char avia-iconfont avia-font-entypo-fontello' data-av_icon='\ue812' data-av_iconfont='entypo-fontello' ><\/i><\/span><\/span><\/div><article class='av-milestone-content-wrap'><div class='av-milestone-contentbox'><header class=\"entry-content-header\" aria-label=\"Milestone: Klinika Floridsdorf Viede\u0148, Hrudn\u00e9 centrum\"><h4 class='av-milestone-title '>Klinika Floridsdorf Viede\u0148, Hrudn\u00e9 centrum<\/h4><\/header><div class='av-milestone-content'><p><strong>\u0160pecialista v odbore hrudnej chirurgie<\/strong><br \/>\n\u0160pecializ\u00e1cia na torak\u00e1lnu onkol\u00f3giu<br \/>\n\u010clen interdisciplin\u00e1rneho tumorov\u00e9ho boardu<\/p>\n<\/div><\/div><footer class='av-milestone-article-footer entry-footer'><\/footer><\/article><\/li>\n<li  class='av-milestone av-1l36am-7cd6044247f1fc0fc64bfc7499055b78 av-animated-generic fade-in av-milestone-valign-middle av-milestone-even'><h2 class='av-milestone-date ' id='milestone-2020' ><strong>2020<span class='av-milestone-indicator'><\/span><\/strong><\/h2><div class=\"av-milestone-icon-wrap\"><span class='av-milestone-icon milestone_icon avia-font-entypo-fontello'><span class='av-milestone-icon-inner milestone_inner'><i class='milestone-char avia-iconfont avia-font-entypo-fontello' data-av_icon='\ue812' data-av_iconfont='entypo-fontello' ><\/i><\/span><\/span><\/div><article class='av-milestone-content-wrap'><div class='av-milestone-contentbox'><header class=\"entry-content-header\" aria-label=\"Milestone: Habilit\u00e1cia v hrudnej chirurgii\"><h4 class='av-milestone-title '>Habilit\u00e1cia v hrudnej chirurgii<\/h4><\/header><div class='av-milestone-content'><p>Univerzitn\u00e1 pedagogick\u00e1 kvalifik\u00e1cia v odbore hrudn\u00e1 chirurgia<br \/>\nUdelen\u00e9 Lek\u00e1rskou univerzitou vo Viedni<\/p>\n<\/div><\/div><footer class='av-milestone-article-footer entry-footer'><\/footer><\/article><\/li>\n<li  class='av-milestone av-1d7bxi-6d4d911bd169624824e34c576f543e95 av-animated-generic fade-in av-milestone-valign-middle av-milestone-odd'><h2 class='av-milestone-date ' id='milestone-2020-2012' ><strong>2020 - 2012<span class='av-milestone-indicator'><\/span><\/strong><\/h2><div class=\"av-milestone-icon-wrap\"><span class='av-milestone-icon milestone_icon avia-font-entypo-fontello'><span class='av-milestone-icon-inner milestone_inner'><i class='milestone-char avia-iconfont avia-font-entypo-fontello' data-av_icon='\ue812' data-av_iconfont='entypo-fontello' ><\/i><\/span><\/span><\/div><article class='av-milestone-content-wrap'><div class='av-milestone-contentbox'><header class=\"entry-content-header\" aria-label=\"Milestone: AKH Wien \/ Lek\u00e1rska univerzita Viede\u0148\"><h4 class='av-milestone-title '>AKH Wien \/ Lek\u00e1rska univerzita Viede\u0148<\/h4><\/header><div class='av-milestone-content'><p>\u0160pecializa\u010dn\u00e9 vzdel\u00e1vanie so zameran\u00edm na hrudn\u00fa onkol\u00f3giu na Klinickom oddelen\u00ed hrudnej chirurgie (ved\u00faci: univ. prof. Dr. Walter Klepetko)<\/p>\n<p>Mana\u017e\u00e9r onkologickej komory CCC pre onkologick\u00e9 ochorenia \u201eHrudn\u00e9 zhubn\u00e9 n\u00e1dory&#8220;<\/p>\n<p>Klinick\u00e9 a vedeck\u00e9 zameranie:<br \/>\nBronchi\u00e1lny karcin\u00f3m (rakovina p\u013e\u00fac), pleur\u00e1lny mezoteli\u00f3m (rakovina pleury)<\/p>\n<p>Koordin\u00e1tor transplant\u00e1ci\u00ed<\/p>\n<\/div><\/div><footer class='av-milestone-article-footer entry-footer'><\/footer><\/article><\/li>\n<li  class='av-milestone av-1950ye-ff0c3ce3d5b71dccca033c2f474f6357 av-animated-generic fade-in av-milestone-valign-middle av-milestone-even'><h2 class='av-milestone-date ' id='milestone-2018' ><strong>2018<span class='av-milestone-indicator'><\/span><\/strong><\/h2><div class=\"av-milestone-icon-wrap\"><span class='av-milestone-icon milestone_icon avia-font-entypo-fontello'><span class='av-milestone-icon-inner milestone_inner'><i class='milestone-char avia-iconfont avia-font-entypo-fontello' data-av_icon='\ue812' data-av_iconfont='entypo-fontello' ><\/i><\/span><\/span><\/div><article class='av-milestone-content-wrap'><div class='av-milestone-contentbox'><header class=\"entry-content-header\" aria-label=\"Milestone: Titul PhD v medic\u00ednskych ved\u00e1ch\"><h4 class='av-milestone-title '>Titul PhD v medic\u00ednskych ved\u00e1ch<\/h4><\/header><div class='av-milestone-content'><p>Doktor\u00e1t z lek\u00e1rskych vied (PhD)<br \/>\nZameranie a dizerta\u010dn\u00e1 pr\u00e1ca: Transla\u010dn\u00e1 hrudn\u00e1 onkol\u00f3gia<\/p>\n<\/div><\/div><footer class='av-milestone-article-footer entry-footer'><\/footer><\/article><\/li>\n<li  class='av-milestone av-155q06-0be5b36999ab998ed76c4adccbc0845f av-animated-generic fade-in av-milestone-valign-middle av-milestone-odd'><h2 class='av-milestone-date ' id='milestone-2012' ><strong>2012<span class='av-milestone-indicator'><\/span><\/strong><\/h2><div class=\"av-milestone-icon-wrap\"><span class='av-milestone-icon milestone_icon avia-font-entypo-fontello'><span class='av-milestone-icon-inner milestone_inner'><i class='milestone-char avia-iconfont avia-font-entypo-fontello' data-av_icon='\ue812' data-av_iconfont='entypo-fontello' ><\/i><\/span><\/span><\/div><article class='av-milestone-content-wrap'><div class='av-milestone-contentbox'><header class=\"entry-content-header\" aria-label=\"Milestone: Ukon\u010denie \u0161t\u00fadia medic\u00edny\"><h4 class='av-milestone-title '>Ukon\u010denie \u0161t\u00fadia medic\u00edny<\/h4><\/header><div class='av-milestone-content'><p>Doktor\u00e1t z medic\u00edny (Dr.med. univ.) na Lek\u00e1rskej univerzite vo Viedni<\/p>\n<\/div><\/div><footer class='av-milestone-article-footer entry-footer'><\/footer><\/article><\/li>\n<li  class='av-milestone av-155q06-1-c673770b4314d6de803288de295ed7f5 av-animated-generic fade-in av-milestone-valign-middle av-milestone-even'><h2 class='av-milestone-date ' id='milestone-' aria-hidden='true' tabindex='-1'><strong><span class='av-milestone-indicator'><\/span><\/strong><\/h2><div class=\"av-milestone-icon-wrap\"><span class='av-milestone-icon milestone_icon avia-font-entypo-fontello'><span class='av-milestone-icon-inner milestone_inner'><i class='milestone-char avia-iconfont avia-font-entypo-fontello' data-av_icon='\ue812' data-av_iconfont='entypo-fontello' ><\/i><\/span><\/span><\/div><article class='av-milestone-content-wrap'><div class='av-milestone-contentbox'><header class=\"entry-content-header\" aria-label=\"Milestone: Gymn\u00e1zium\"><h4 class='av-milestone-title '>Gymn\u00e1zium<\/h4><\/header><div class='av-milestone-content'><p>V Neusiedl am See<\/p>\n<\/div><\/div><footer class='av-milestone-article-footer entry-footer'><\/footer><\/article><\/li>\n<\/ul><\/div><\/p><\/div>\n<style type=\"text\/css\" data-created_by=\"avia_inline_auto\" id=\"style-css-av-koio7on3-78e7066d5cc94c978c6cf1c3b6cab6b1\">\n#top .flex_column.av-koio7on3-78e7066d5cc94c978c6cf1c3b6cab6b1{\nmargin-top:40px;\nmargin-bottom:40px;\n}\n.flex_column.av-koio7on3-78e7066d5cc94c978c6cf1c3b6cab6b1{\nborder-radius:0px 0px 0px 0px;\npadding:40px 40px 40px 40px;\nbackground-color:#ffffff;\n}\n.responsive #top #wrap_all .flex_column.av-koio7on3-78e7066d5cc94c978c6cf1c3b6cab6b1{\nmargin-top:40px;\nmargin-bottom:40px;\n}\n<\/style>\n<div  class='flex_column av-koio7on3-78e7066d5cc94c978c6cf1c3b6cab6b1 av_three_fifth  avia-builder-el-16  el_after_av_three_fifth  avia-builder-el-last  first flex_column_div  '     ><p>\n<style type=\"text\/css\" data-created_by=\"avia_inline_auto\" id=\"style-css-av-koinkiyl-607ee97559bd94b9e2aeffc7a0512dec\">\n#top .av-special-heading.av-koinkiyl-607ee97559bd94b9e2aeffc7a0512dec{\npadding-bottom:10px;\n}\nbody .av-special-heading.av-koinkiyl-607ee97559bd94b9e2aeffc7a0512dec .av-special-heading-tag .heading-char{\nfont-size:25px;\n}\n.av-special-heading.av-koinkiyl-607ee97559bd94b9e2aeffc7a0512dec .av-subheading{\nfont-size:15px;\n}\n<\/style>\n<div  class='av-special-heading av-koinkiyl-607ee97559bd94b9e2aeffc7a0512dec av-special-heading-h1 blockquote modern-quote  avia-builder-el-17  el_before_av_textblock  avia-builder-el-first '><h1 class='av-special-heading-tag '  itemprop=\"headline\"  >Najd\u00f4le\u017eitej\u0161ie publik\u00e1cie z posledn\u00fdch rokov:<\/h1><div class=\"special-heading-border\"><div class=\"special-heading-inner-border\"><\/div><\/div><\/div><br \/>\n<section  class='av_textblock_section av-koinnzht-6ca237a0400a3da51e69070d6c9e3081 '   itemscope=\"itemscope\" itemtype=\"https:\/\/schema.org\/CreativeWork\" ><div class='avia_textblock'  itemprop=\"text\" ><p>Lung Cancer in Austria<br \/>\n<a href=\"https:\/\/www.jto.org\/article\/S1556-0864(20)31049-2\/fulltext\" target=\"_blank\" rel=\"noopener\">Journal of Thoracic Oncology 2021,16:725-733. doi: 10.1016\/j.jtho.2020.10.158. <\/a><\/p>\n<p>Prognostic impact of PD-1 and PD-L1 expression in malignant pleural mesothelioma: an international multicenter study<br \/>\n<a href=\"https:\/\/tlcr.amegroups.com\/article\/view\/50434\/html\" target=\"_blank\" rel=\"noopener\">Translational Lung Cancer Research 2021, 10:1594-1607. doi:10.21037\/tlcr-20-1114 <\/a><\/p>\n<p>Lung transplantation for COVID-19-associated acute respiratory distress syndrome in a PCR-positive patient<br \/>\n<a href=\"https:\/\/www.thelancet.com\/journals\/lanres\/article\/PIIS2213-2600(20)30361-1\/fulltext\" target=\"_blank\" rel=\"noopener\">Lancet Respiratory Medicine 2020, 8:1057-1060. doi:10.1016\/S2213-2600(20)30361-1 <\/a><\/p>\n<p>Controversies in oncology: surgery for small cell lung cancer? It\u2019s time to rethink the case<br \/>\n<a href=\"https:\/\/www.esmoopen.com\/article\/S2059-7029(20)32331-0\/fulltext\" target=\"_blank\" rel=\"noopener\">ESMO Open 2018, 27:3:e000366. doi:10.1136\/esmoopen-2018-000366 <\/a><\/p>\n<p><a href=\"https:\/\/pubmed.ncbi.nlm.nih.gov\/?term=klikovits+t&#038;sort=date\" target=\"_blank\" rel=\"noopener\">K zoznamu publik\u00e1ci\u00ed na PubMed<\/a><\/p>\n<\/div><\/section><\/p><\/div><\/p>\n","protected":false},"excerpt":{"rendered":"","protected":false},"author":3,"featured_media":788,"parent":0,"menu_order":0,"comment_status":"closed","ping_status":"closed","template":"","meta":{"footnotes":""},"class_list":["post-894","page","type-page","status-publish","has-post-thumbnail","hentry"],"_links":{"self":[{"href":"https:\/\/lungenchirurgie.at\/sk\/wp-json\/wp\/v2\/pages\/894","targetHints":{"allow":["GET"]}}],"collection":[{"href":"https:\/\/lungenchirurgie.at\/sk\/wp-json\/wp\/v2\/pages"}],"about":[{"href":"https:\/\/lungenchirurgie.at\/sk\/wp-json\/wp\/v2\/types\/page"}],"author":[{"embeddable":true,"href":"https:\/\/lungenchirurgie.at\/sk\/wp-json\/wp\/v2\/users\/3"}],"replies":[{"embeddable":true,"href":"https:\/\/lungenchirurgie.at\/sk\/wp-json\/wp\/v2\/comments?post=894"}],"version-history":[{"count":6,"href":"https:\/\/lungenchirurgie.at\/sk\/wp-json\/wp\/v2\/pages\/894\/revisions"}],"predecessor-version":[{"id":900,"href":"https:\/\/lungenchirurgie.at\/sk\/wp-json\/wp\/v2\/pages\/894\/revisions\/900"}],"wp:featuredmedia":[{"embeddable":true,"href":"https:\/\/lungenchirurgie.at\/sk\/wp-json\/wp\/v2\/media\/788"}],"wp:attachment":[{"href":"https:\/\/lungenchirurgie.at\/sk\/wp-json\/wp\/v2\/media?parent=894"}],"curies":[{"name":"wp","href":"https:\/\/api.w.org\/{rel}","templated":true}]}}